{"id":11267,"date":"2016-06-13T08:36:18","date_gmt":"2016-06-13T08:36:18","guid":{"rendered":"http:\/\/eco-press.cmsmasters.net\/?page_id=11258"},"modified":"2021-06-16T21:58:26","modified_gmt":"2021-06-16T19:58:26","slug":"actualite","status":"publish","type":"page","link":"https:\/\/les-editions-de-lhetre.com\/index.php\/actualite\/","title":{"rendered":"Actualit\u00e9s"},"content":{"rendered":"<div id=\"cmsmasters_row_5636963f7d\" class=\"cmsmasters_row cmsmasters_color_scheme_default cmsmasters_row_top_default cmsmasters_row_bot_default cmsmasters_row_boxed\">\n<div class=\"cmsmasters_row_outer_parent\">\n<div class=\"cmsmasters_row_outer\">\n<div class=\"cmsmasters_row_inner\">\n<div class=\"cmsmasters_row_margin\">\n<div id=\"cmsmasters_column_\" class=\"cmsmasters_column one_first\">\n<div class=\"cmsmasters_column_inner\"><div id=\"blog_e65cc8c06b\" class=\"cmsmasters_wrap_blog entry-summary\" data-layout=\"standard\" data-layout-mode=\"\" data-url=\"https:\/\/les-editions-de-lhetre.com\/wp-content\/plugins\/cmsmasters-content-composer\/\" data-orderby=\"date\" data-order=\"DESC\" data-count=\"6\" data-categories=\"actualites,ateliers,evenement,non-classe\" data-metadata=\"date,categories,likes,more\" data-pagination=\"pagination\"><div class=\"blog standard\"><!-- Start Post Default Article -->\r\n<article id=\"post-15666\" class=\"cmsmasters_post_default post-15666 post type-post status-publish format-standard has-post-thumbnail hentry category-actualites category-evenement category-lassociation\">\r\n\t<div class=\"cmsmasters_post_cont\">\r\n\t\t<div class=\"wrap_top_post\">\r\n\t\t\t<figure class=\"cmsmasters_img_wrap\"><a href=\"https:\/\/les-editions-de-lhetre.com\/index.php\/2023\/02\/28\/trois-souffles-de-vit\/\" title=\"Trois souffles de vit, premier ouvrage des \u00c9ditions de l&rsquo;H\u00eatre\" class=\"cmsmasters_img_link\"><img width=\"600\" height=\"600\" src=\"https:\/\/les-editions-de-lhetre.com\/wp-content\/uploads\/2023\/02\/couv_edition-1.jpg\" class=\" wp-post-image\" alt=\"Trois souffles de vit, premier ouvrage des \u00c9ditions de l&rsquo;H\u00eatre\" decoding=\"async\" loading=\"lazy\" title=\"couv_edition-1\" srcset=\"https:\/\/les-editions-de-lhetre.com\/wp-content\/uploads\/2023\/02\/couv_edition-1.jpg 600w, https:\/\/les-editions-de-lhetre.com\/wp-content\/uploads\/2023\/02\/couv_edition-1-300x300.jpg 300w, https:\/\/les-editions-de-lhetre.com\/wp-content\/uploads\/2023\/02\/couv_edition-1-150x150.jpg 150w, https:\/\/les-editions-de-lhetre.com\/wp-content\/uploads\/2023\/02\/couv_edition-1-70x70.jpg 70w, https:\/\/les-editions-de-lhetre.com\/wp-content\/uploads\/2023\/02\/couv_edition-1-310x310.jpg 310w, https:\/\/les-editions-de-lhetre.com\/wp-content\/uploads\/2023\/02\/couv_edition-1-580x580.jpg 580w, https:\/\/les-editions-de-lhetre.com\/wp-content\/uploads\/2023\/02\/couv_edition-1-540x540.jpg 540w, https:\/\/les-editions-de-lhetre.com\/wp-content\/uploads\/2023\/02\/couv_edition-1-100x100.jpg 100w\" sizes=\"(max-width: 600px) 100vw, 600px\" \/><\/a><\/figure>\t\t<\/div>\r\n\r\n\t\t<div class=\"cmsmasters_data_wrap\"><span class=\"cmsmasters_post_date\"><abbr class=\"published\" title=\"28 f\u00e9vrier 2023\"><span class=\"cmsmasters_post_date_day\">28<\/span><span class=\"cmsmasters_post_date_month_and_year\">02\/2023<\/span><\/abbr><abbr class=\"dn date updated\" title=\"28 f\u00e9vrier 2023\">28 f\u00e9vrier 2023<\/abbr><\/span><\/div><div class=\"cmsmasters_post_cont_wrap\"><div class=\"cmsmasters_post_cont_info_wrap clearfix\"><div class=\"cmsmasters_post_cont_info entry-meta\"><span class=\"cmsmasters_post_category\">Se trouve dans  <a href=\"https:\/\/les-editions-de-lhetre.com\/index.php\/category\/actualites\/\" class=\"cmsmasters_cat_color cmsmasters_cat_26\" rel=\"category tag\">Actu<\/a>, <a href=\"https:\/\/les-editions-de-lhetre.com\/index.php\/category\/evenement\/\" class=\"cmsmasters_cat_color cmsmasters_cat_147\" rel=\"category tag\">\u00c9v\u00e9nements<\/a>, <a href=\"https:\/\/les-editions-de-lhetre.com\/index.php\/category\/lassociation\/\" class=\"cmsmasters_cat_color cmsmasters_cat_149\" rel=\"category tag\">L&#039;association<\/a><\/span><\/div><\/div><header class=\"cmsmasters_post_header entry-header\"><h3 class=\"cmsmasters_post_title entry-title\"><a href=\"https:\/\/les-editions-de-lhetre.com\/index.php\/2023\/02\/28\/trois-souffles-de-vit\/\">Trois souffles de vit, premier ouvrage des \u00c9ditions de l&rsquo;H\u00eatre<\/a><\/h3><\/header><div class=\"cmsmasters_post_content entry-content\">\n<p>Premier ouvrage des \u00c9ditions de l&rsquo;H\u00eatre, Trois souffles de vit est en pr\u00e9commande sur notre boutique. Une histoire de censure Les \u00c9ditions de l&rsquo;H\u00eatre ont d\u00e9cid\u00e9 de prendre leur envol \u00e9ditorial avec un premier ouvrage. Et cet envol est aussi surprenant qu&rsquo;impr\u00e9vu. En ao\u00fbt dernier, Audrey Debuysscher (autrice) et RECA (illustrateur) ont d\u00e9cid\u00e9 de collaborer. L&rsquo;id\u00e9e \u00e9tait d&rsquo;utiliser les nouvelles finalistes \u00e9crites par l&rsquo;autrice lors des Nuits du Prix de la Nouvelle \u00c9rotique et de les illustrer afin de cr\u00e9er un format in\u00e9dit : un illustr\u00e9 pour adultes. Apr\u00e8s sept mois de collaboration, Trois souffles de vit voyait le jour....<\/p>\n<\/div>\n<footer class=\"cmsmasters_post_footer entry-meta\"><a class=\"cmsmasters_post_read_more\" href=\"https:\/\/les-editions-de-lhetre.com\/index.php\/2023\/02\/28\/trois-souffles-de-vit\/\">Lire la suite<\/a><div class=\"cmsmasters_post_info entry-meta\"><span class=\"cmsmasters_likes cmsmasters_post_likes\"><a href=\"#\" onclick=\"cmsmastersLike(15666, true); return false;\" id=\"cmsmastersLike-15666\" class=\"cmsmastersLike cmsmasters_theme_icon_like\"><span>0 likes<\/span><\/a><\/span><\/div><\/footer><\/div>\t<\/div>\r\n<\/article>\r\n<!-- Finish Post Default Article -->\r\n\r\n<!-- Start Post Default Article -->\r\n<article id=\"post-15643\" class=\"cmsmasters_post_default post-15643 post type-post status-publish format-standard has-post-thumbnail hentry category-actualites category-ateliers category-evenement\">\r\n\t<div class=\"cmsmasters_post_cont\">\r\n\t\t<div class=\"wrap_top_post\">\r\n\t\t\t<figure class=\"cmsmasters_img_wrap\"><a href=\"https:\/\/les-editions-de-lhetre.com\/index.php\/2022\/10\/12\/ballaiarts\/\" title=\"Ballai&rsquo;Arts, premier salon d&rsquo;art local\" class=\"cmsmasters_img_link\"><img width=\"1320\" height=\"720\" src=\"https:\/\/les-editions-de-lhetre.com\/wp-content\/uploads\/2022\/10\/affiches-ballai-art-insta-1320x720.jpg\" class=\" wp-post-image\" alt=\"Ballai&rsquo;Arts, premier salon d&rsquo;art local\" decoding=\"async\" loading=\"lazy\" title=\"affiches-ballai-art-insta\" srcset=\"https:\/\/les-editions-de-lhetre.com\/wp-content\/uploads\/2022\/10\/affiches-ballai-art-insta-1320x720.jpg 1320w, https:\/\/les-editions-de-lhetre.com\/wp-content\/uploads\/2022\/10\/affiches-ballai-art-insta-860x470.jpg 860w\" sizes=\"(max-width: 1320px) 100vw, 1320px\" \/><\/a><\/figure>\t\t<\/div>\r\n\r\n\t\t<div class=\"cmsmasters_data_wrap\"><span class=\"cmsmasters_post_date\"><abbr class=\"published\" title=\"12 octobre 2022\"><span class=\"cmsmasters_post_date_day\">12<\/span><span class=\"cmsmasters_post_date_month_and_year\">10\/2022<\/span><\/abbr><abbr class=\"dn date updated\" title=\"14 octobre 2022\">14 octobre 2022<\/abbr><\/span><\/div><div class=\"cmsmasters_post_cont_wrap\"><div class=\"cmsmasters_post_cont_info_wrap clearfix\"><div class=\"cmsmasters_post_cont_info entry-meta\"><span class=\"cmsmasters_post_category\">Se trouve dans  <a href=\"https:\/\/les-editions-de-lhetre.com\/index.php\/category\/actualites\/\" class=\"cmsmasters_cat_color cmsmasters_cat_26\" rel=\"category tag\">Actu<\/a>, <a href=\"https:\/\/les-editions-de-lhetre.com\/index.php\/category\/ateliers\/\" class=\"cmsmasters_cat_color cmsmasters_cat_145\" rel=\"category tag\">Ateliers<\/a>, <a href=\"https:\/\/les-editions-de-lhetre.com\/index.php\/category\/evenement\/\" class=\"cmsmasters_cat_color cmsmasters_cat_147\" rel=\"category tag\">\u00c9v\u00e9nements<\/a><\/span><\/div><\/div><header class=\"cmsmasters_post_header entry-header\"><h3 class=\"cmsmasters_post_title entry-title\"><a href=\"https:\/\/les-editions-de-lhetre.com\/index.php\/2022\/10\/12\/ballaiarts\/\">Ballai&rsquo;Arts, premier salon d&rsquo;art local<\/a><\/h3><\/header><div class=\"cmsmasters_post_content entry-content\">\n<p>Le 13 novembre 2022, \u00e0 Ballaison, aura lieu Ballai&rsquo;Arts, premier salon d&rsquo;art local. Toujours dans le but de promouvoir l&rsquo;art, la culture et la litt\u00e9rature de mani\u00e8re locale, les \u00e9ditions de l&rsquo;H\u00eatre s&rsquo;associent \u00e0 nouveau avec RECA pour un projet d&rsquo;envergure. Il est des collaborations riches qui permettent d&#8217;embrasser d&rsquo;ambitieux projets. La Galerie RECA R\u00e9action Animale avec laquelle nous avions d\u00e9j\u00e0 eu le bonheur de proposer une exposition litt\u00e9raire en juin dernier, nous a sollicit\u00e9es afin d&rsquo;organiser un premier march\u00e9 d&rsquo;art sur Ballaison. Loin d&rsquo;un march\u00e9 de No\u00ebl, le but avou\u00e9 est de proposer un v\u00e9ritable march\u00e9 d&rsquo;art avec des...<\/p>\n<\/div>\n<footer class=\"cmsmasters_post_footer entry-meta\"><a class=\"cmsmasters_post_read_more\" href=\"https:\/\/les-editions-de-lhetre.com\/index.php\/2022\/10\/12\/ballaiarts\/\">Lire la suite<\/a><div class=\"cmsmasters_post_info entry-meta\"><span class=\"cmsmasters_likes cmsmasters_post_likes\"><a href=\"#\" onclick=\"cmsmastersLike(15643, true); return false;\" id=\"cmsmastersLike-15643\" class=\"cmsmastersLike cmsmasters_theme_icon_like\"><span>0 likes<\/span><\/a><\/span><\/div><\/footer><\/div>\t<\/div>\r\n<\/article>\r\n<!-- Finish Post Default Article -->\r\n\r\n<!-- Start Post Default Article -->\r\n<article id=\"post-15628\" class=\"cmsmasters_post_default post-15628 post type-post status-publish format-standard has-post-thumbnail hentry category-actualites category-ateliers category-evenement\">\r\n\t<div class=\"cmsmasters_post_cont\">\r\n\t\t<div class=\"wrap_top_post\">\r\n\t\t\t<figure class=\"cmsmasters_img_wrap\"><a href=\"https:\/\/les-editions-de-lhetre.com\/index.php\/2022\/06\/08\/exposition-litteraire\/\" title=\"Une premi\u00e8re exposition litt\u00e9raire r\u00e9ussie\" class=\"cmsmasters_img_link\"><img width=\"800\" height=\"360\" src=\"https:\/\/les-editions-de-lhetre.com\/wp-content\/uploads\/2022\/06\/17759.jpg\" class=\" wp-post-image\" alt=\"Christophe Si\u00e9bert\" decoding=\"async\" loading=\"lazy\" title=\"Christophe Si\u00e9bert en performance\" srcset=\"https:\/\/les-editions-de-lhetre.com\/wp-content\/uploads\/2022\/06\/17759.jpg 800w, https:\/\/les-editions-de-lhetre.com\/wp-content\/uploads\/2022\/06\/17759-300x135.jpg 300w, https:\/\/les-editions-de-lhetre.com\/wp-content\/uploads\/2022\/06\/17759-768x346.jpg 768w, https:\/\/les-editions-de-lhetre.com\/wp-content\/uploads\/2022\/06\/17759-580x261.jpg 580w, https:\/\/les-editions-de-lhetre.com\/wp-content\/uploads\/2022\/06\/17759-600x270.jpg 600w\" sizes=\"(max-width: 800px) 100vw, 800px\" \/><\/a><\/figure>\t\t<\/div>\r\n\r\n\t\t<div class=\"cmsmasters_data_wrap\"><span class=\"cmsmasters_post_date\"><abbr class=\"published\" title=\"8 juin 2022\"><span class=\"cmsmasters_post_date_day\">08<\/span><span class=\"cmsmasters_post_date_month_and_year\">06\/2022<\/span><\/abbr><abbr class=\"dn date updated\" title=\"10 juin 2022\">10 juin 2022<\/abbr><\/span><\/div><div class=\"cmsmasters_post_cont_wrap\"><div class=\"cmsmasters_post_cont_info_wrap clearfix\"><div class=\"cmsmasters_post_cont_info entry-meta\"><span class=\"cmsmasters_post_category\">Se trouve dans  <a href=\"https:\/\/les-editions-de-lhetre.com\/index.php\/category\/actualites\/\" class=\"cmsmasters_cat_color cmsmasters_cat_26\" rel=\"category tag\">Actu<\/a>, <a href=\"https:\/\/les-editions-de-lhetre.com\/index.php\/category\/ateliers\/\" class=\"cmsmasters_cat_color cmsmasters_cat_145\" rel=\"category tag\">Ateliers<\/a>, <a href=\"https:\/\/les-editions-de-lhetre.com\/index.php\/category\/evenement\/\" class=\"cmsmasters_cat_color cmsmasters_cat_147\" rel=\"category tag\">\u00c9v\u00e9nements<\/a><\/span><\/div><\/div><header class=\"cmsmasters_post_header entry-header\"><h3 class=\"cmsmasters_post_title entry-title\"><a href=\"https:\/\/les-editions-de-lhetre.com\/index.php\/2022\/06\/08\/exposition-litteraire\/\">Une premi\u00e8re exposition litt\u00e9raire r\u00e9ussie<\/a><\/h3><\/header><div class=\"cmsmasters_post_content entry-content\">\n<p>Le 4 juin dernier, Les \u00c9ditions de l\u2019H\u00eatre recevaient Christophe Si\u00e9bert \u00e0 Ballaison dans le cadre d\u2019une exposition litt\u00e9raire.&nbsp; \u00c0 auteur atypique&#8230; pr\u00e9sentation litt\u00e9raire atypique Au d\u00e9part pr\u00e9vu en mars en collaboration avec les Mille-Feuilles, un contre-temps nous avait forc\u00e9 \u00e0 repousser notre \u00e9v\u00e9nement \u00ab&nbsp;L\u2019H\u00eatre Invit\u00e9&nbsp;\u00bb en compagnie de Christophe Si\u00e9bert. Apr\u00e8s une petite d\u00e9ception, il nous a sembl\u00e9 que nous avions l\u00e0 l\u2019occasion de repenser totalement l\u2019\u00e9v\u00e9nement. \u00c0 auteur atypique, organisation atypique, lieu atypique.&nbsp; Nous nous sommes donc rapproch\u00e9s de la galerie RECA \u00e0 Ballaison qui a accept\u00e9 de collaborer avec nous pour organiser une exposition litt\u00e9raire m\u00ealant litt\u00e9rature,...<\/p>\n<\/div>\n<footer class=\"cmsmasters_post_footer entry-meta\"><a class=\"cmsmasters_post_read_more\" href=\"https:\/\/les-editions-de-lhetre.com\/index.php\/2022\/06\/08\/exposition-litteraire\/\">Lire la suite<\/a><div class=\"cmsmasters_post_info entry-meta\"><span class=\"cmsmasters_likes cmsmasters_post_likes\"><a href=\"#\" onclick=\"cmsmastersLike(15628, true); return false;\" id=\"cmsmastersLike-15628\" class=\"cmsmastersLike cmsmasters_theme_icon_like\"><span>0 likes<\/span><\/a><\/span><\/div><\/footer><\/div>\t<\/div>\r\n<\/article>\r\n<!-- Finish Post Default Article -->\r\n\r\n<!-- Start Post Default Article -->\r\n<article id=\"post-15610\" class=\"cmsmasters_post_default post-15610 post type-post status-publish format-standard has-post-thumbnail hentry category-actualites category-evenement tag-au-diable-vauvert tag-christophe-siebert tag-diner-litteraire tag-feminicid tag-mertvecgorod\">\r\n\t<div class=\"cmsmasters_post_cont\">\r\n\t\t<div class=\"wrap_top_post\">\r\n\t\t\t<figure class=\"cmsmasters_img_wrap\"><a href=\"https:\/\/les-editions-de-lhetre.com\/index.php\/2022\/01\/25\/diner-litteraire-evenement-christophe-siebert\/\" title=\"D\u00eener litt\u00e9raire &#8211; \u00c9v\u00e9nement : Christophe Si\u00e9bert\" class=\"cmsmasters_img_link\"><img width=\"1080\" height=\"720\" src=\"https:\/\/les-editions-de-lhetre.com\/wp-content\/uploads\/2022\/01\/img_siebert_fly-1080x720.png\" class=\" wp-post-image\" alt=\"D\u00eener litt\u00e9raire &#8211; \u00c9v\u00e9nement : Christophe Si\u00e9bert\" decoding=\"async\" loading=\"lazy\" title=\"img_siebert_fly\" \/><\/a><\/figure>\t\t<\/div>\r\n\r\n\t\t<div class=\"cmsmasters_data_wrap\"><span class=\"cmsmasters_post_date\"><abbr class=\"published\" title=\"25 janvier 2022\"><span class=\"cmsmasters_post_date_day\">25<\/span><span class=\"cmsmasters_post_date_month_and_year\">01\/2022<\/span><\/abbr><abbr class=\"dn date updated\" title=\"25 janvier 2022\">25 janvier 2022<\/abbr><\/span><\/div><div class=\"cmsmasters_post_cont_wrap\"><div class=\"cmsmasters_post_cont_info_wrap clearfix\"><div class=\"cmsmasters_post_cont_info entry-meta\"><span class=\"cmsmasters_post_category\">Se trouve dans  <a href=\"https:\/\/les-editions-de-lhetre.com\/index.php\/category\/actualites\/\" class=\"cmsmasters_cat_color cmsmasters_cat_26\" rel=\"category tag\">Actu<\/a>, <a href=\"https:\/\/les-editions-de-lhetre.com\/index.php\/category\/evenement\/\" class=\"cmsmasters_cat_color cmsmasters_cat_147\" rel=\"category tag\">\u00c9v\u00e9nements<\/a><\/span><\/div><\/div><header class=\"cmsmasters_post_header entry-header\"><h3 class=\"cmsmasters_post_title entry-title\"><a href=\"https:\/\/les-editions-de-lhetre.com\/index.php\/2022\/01\/25\/diner-litteraire-evenement-christophe-siebert\/\">D\u00eener litt\u00e9raire &#8211; \u00c9v\u00e9nement : Christophe Si\u00e9bert<\/a><\/h3><\/header><div class=\"cmsmasters_post_content entry-content\">\n<p>Un d\u00eener litt\u00e9raire \u00e9v\u00e9nement aura lieu le 19 mars 2022, en pr\u00e9sence de Christophe Si\u00e9bert \u00e0 Bons-en-chablais (74). Alors que nous regrettions que la tourn\u00e9e de Christophe Si\u00e9bert pour la promotion de son livre Feminicid ne passe pas par la Haute-Savoie, il nous a propos\u00e9 d&rsquo;organiser sa venue. L&rsquo;id\u00e9e de s&rsquo;associer aux Mille-Feuilles pour un d\u00eener litt\u00e9raire a germ\u00e9. Ainsi, l'(H)\u00eatre invit\u00e9 \u00e9tait n\u00e9 ! L&rsquo;Association de deux associations litt\u00e9raires Les \u00c9ditions de l&rsquo;H\u00eatre invitent les Mille-Feuilles \u00e0 Bons-en-Chablais pour une soir\u00e9e exceptionnelle en pr\u00e9sence de Christophe Si\u00e9bert, romancier, laur\u00e9at du Prix Sade et auteur de Feminicid, du cycle Chronique...<\/p>\n<\/div>\n<footer class=\"cmsmasters_post_footer entry-meta\"><a class=\"cmsmasters_post_read_more\" href=\"https:\/\/les-editions-de-lhetre.com\/index.php\/2022\/01\/25\/diner-litteraire-evenement-christophe-siebert\/\">Lire la suite<\/a><div class=\"cmsmasters_post_info entry-meta\"><span class=\"cmsmasters_likes cmsmasters_post_likes\"><a href=\"#\" onclick=\"cmsmastersLike(15610, true); return false;\" id=\"cmsmastersLike-15610\" class=\"cmsmastersLike cmsmasters_theme_icon_like\"><span>0 likes<\/span><\/a><\/span><\/div><\/footer><\/div>\t<\/div>\r\n<\/article>\r\n<!-- Finish Post Default Article -->\r\n\r\n<!-- Start Post Default Article -->\r\n<article id=\"post-15593\" class=\"cmsmasters_post_default post-15593 post type-post status-publish format-standard has-post-thumbnail hentry category-ateliers category-evenement\">\r\n\t<div class=\"cmsmasters_post_cont\">\r\n\t\t<div class=\"wrap_top_post\">\r\n\t\t\t<figure class=\"cmsmasters_img_wrap\"><a href=\"https:\/\/les-editions-de-lhetre.com\/index.php\/2021\/11\/17\/atelier-ecriture-et-vins\/\" title=\"Atelier \u00e9criture et vins\" class=\"cmsmasters_img_link\"><img width=\"1320\" height=\"720\" src=\"https:\/\/les-editions-de-lhetre.com\/wp-content\/uploads\/2021\/11\/atelier_vin-1320x720.png\" class=\" wp-post-image\" alt=\"Atelier \u00e9criture et vins\" decoding=\"async\" loading=\"lazy\" title=\"atelier_vin\" srcset=\"https:\/\/les-editions-de-lhetre.com\/wp-content\/uploads\/2021\/11\/atelier_vin-1320x720.png 1320w, https:\/\/les-editions-de-lhetre.com\/wp-content\/uploads\/2021\/11\/atelier_vin-860x470.png 860w\" sizes=\"(max-width: 1320px) 100vw, 1320px\" \/><\/a><\/figure>\t\t<\/div>\r\n\r\n\t\t<div class=\"cmsmasters_data_wrap\"><span class=\"cmsmasters_post_date\"><abbr class=\"published\" title=\"17 novembre 2021\"><span class=\"cmsmasters_post_date_day\">17<\/span><span class=\"cmsmasters_post_date_month_and_year\">11\/2021<\/span><\/abbr><abbr class=\"dn date updated\" title=\"17 novembre 2021\">17 novembre 2021<\/abbr><\/span><\/div><div class=\"cmsmasters_post_cont_wrap\"><div class=\"cmsmasters_post_cont_info_wrap clearfix\"><div class=\"cmsmasters_post_cont_info entry-meta\"><span class=\"cmsmasters_post_category\">Se trouve dans  <a href=\"https:\/\/les-editions-de-lhetre.com\/index.php\/category\/ateliers\/\" class=\"cmsmasters_cat_color cmsmasters_cat_145\" rel=\"category tag\">Ateliers<\/a>, <a href=\"https:\/\/les-editions-de-lhetre.com\/index.php\/category\/evenement\/\" class=\"cmsmasters_cat_color cmsmasters_cat_147\" rel=\"category tag\">\u00c9v\u00e9nements<\/a><\/span><\/div><\/div><header class=\"cmsmasters_post_header entry-header\"><h3 class=\"cmsmasters_post_title entry-title\"><a href=\"https:\/\/les-editions-de-lhetre.com\/index.php\/2021\/11\/17\/atelier-ecriture-et-vins\/\">Atelier \u00e9criture et vins<\/a><\/h3><\/header><div class=\"cmsmasters_post_content entry-content\">\n<p>Les \u00e9ditions de l&rsquo;H\u00eatre vous proposent un atelier \u00e9criture et vins, in\u00e9dit. Nos sens ont du sens Nos sens sont un incroyable chemin vers nos souvenirs et notre imaginaire. Proust et sa madeleine que l&rsquo;on cite encore plus d&rsquo;un si\u00e8cle plus tard en sont la preuve la plus \u00e9loquente. En se laissant guider par notre imaginaire gustatif et olfactif, nous ouvrons les portes de la cr\u00e9ativit\u00e9. En effet, l&rsquo;esprit se concentre sur les sens, les ressentis et n&rsquo;intellectualise pas. Les freins sautent et, pour peu que l&rsquo;on accepte de se laisser guider, advient le flot des mots. La richesse sensorielle...<\/p>\n<\/div>\n<footer class=\"cmsmasters_post_footer entry-meta\"><a class=\"cmsmasters_post_read_more\" href=\"https:\/\/les-editions-de-lhetre.com\/index.php\/2021\/11\/17\/atelier-ecriture-et-vins\/\">Lire la suite<\/a><div class=\"cmsmasters_post_info entry-meta\"><span class=\"cmsmasters_likes cmsmasters_post_likes\"><a href=\"#\" onclick=\"cmsmastersLike(15593, true); return false;\" id=\"cmsmastersLike-15593\" class=\"cmsmastersLike cmsmasters_theme_icon_like\"><span>0 likes<\/span><\/a><\/span><\/div><\/footer><\/div>\t<\/div>\r\n<\/article>\r\n<!-- Finish Post Default Article -->\r\n\r\n<!-- Start Post Default Article -->\r\n<article id=\"post-15582\" class=\"cmsmasters_post_default post-15582 post type-post status-publish format-standard has-post-thumbnail hentry category-ateliers\">\r\n\t<div class=\"cmsmasters_post_cont\">\r\n\t\t<div class=\"wrap_top_post\">\r\n\t\t\t<figure class=\"cmsmasters_img_wrap\"><a href=\"https:\/\/les-editions-de-lhetre.com\/index.php\/2021\/10\/11\/atelier-decriture-individuel\/\" title=\"Ateliers d&rsquo;\u00e9criture individuels\" class=\"cmsmasters_img_link\"><img width=\"1320\" height=\"720\" src=\"https:\/\/les-editions-de-lhetre.com\/wp-content\/uploads\/2021\/10\/pen-1743189_1920-1320x720.jpg\" class=\" wp-post-image\" alt=\"Ateliers d&rsquo;\u00e9criture individuels\" decoding=\"async\" loading=\"lazy\" title=\"pen-1743189_1920\" srcset=\"https:\/\/les-editions-de-lhetre.com\/wp-content\/uploads\/2021\/10\/pen-1743189_1920-1320x720.jpg 1320w, https:\/\/les-editions-de-lhetre.com\/wp-content\/uploads\/2021\/10\/pen-1743189_1920-860x470.jpg 860w\" sizes=\"(max-width: 1320px) 100vw, 1320px\" \/><\/a><\/figure>\t\t<\/div>\r\n\r\n\t\t<div class=\"cmsmasters_data_wrap\"><span class=\"cmsmasters_post_date\"><abbr class=\"published\" title=\"11 octobre 2021\"><span class=\"cmsmasters_post_date_day\">11<\/span><span class=\"cmsmasters_post_date_month_and_year\">10\/2021<\/span><\/abbr><abbr class=\"dn date updated\" title=\"11 octobre 2021\">11 octobre 2021<\/abbr><\/span><\/div><div class=\"cmsmasters_post_cont_wrap\"><div class=\"cmsmasters_post_cont_info_wrap clearfix\"><div class=\"cmsmasters_post_cont_info entry-meta\"><span class=\"cmsmasters_post_category\">Se trouve dans  <a href=\"https:\/\/les-editions-de-lhetre.com\/index.php\/category\/ateliers\/\" class=\"cmsmasters_cat_color cmsmasters_cat_145\" rel=\"category tag\">Ateliers<\/a><\/span><\/div><\/div><header class=\"cmsmasters_post_header entry-header\"><h3 class=\"cmsmasters_post_title entry-title\"><a href=\"https:\/\/les-editions-de-lhetre.com\/index.php\/2021\/10\/11\/atelier-decriture-individuel\/\">Ateliers d&rsquo;\u00e9criture individuels<\/a><\/h3><\/header><div class=\"cmsmasters_post_content entry-content\">\n<p>Les \u00c9ditions de l&rsquo;H\u00eatre, c&rsquo;est aussi des ateliers d&rsquo;\u00e9criture individuels. Les ateliers d&rsquo;\u00e9criture bien-\u00eatre se d\u00e9clinent en groupe ou en individuel. Des ateliers pour se lib\u00e9rer Que vous cherchiez \u00e0 lib\u00e9rer votre cr\u00e9ativit\u00e9, \u00e0 mettre en place une routine d&rsquo;\u00e9criture ou \u00e0 d\u00e9couvrir les bienfaits de l&rsquo;\u00e9criture cathartique, le choix d&rsquo;un atelier individuel peut s&rsquo;av\u00e9rer plus en ad\u00e9quation avec vos besoins. En effet, certains participant(e)s se sentent plus \u00e0 l&rsquo;aise seul(e) qu&rsquo;en groupe ou, plus simplement, souhaitent profiter d&rsquo;un travail plus intimiste. Les \u00c9ditions de l&rsquo;H\u00eatre proposent donc des ateliers individuels ponctuels ou r\u00e9guliers. En somme, des ateliers \u00e0 la...<\/p>\n<\/div>\n<footer class=\"cmsmasters_post_footer entry-meta\"><a class=\"cmsmasters_post_read_more\" href=\"https:\/\/les-editions-de-lhetre.com\/index.php\/2021\/10\/11\/atelier-decriture-individuel\/\">Lire la suite<\/a><div class=\"cmsmasters_post_info entry-meta\"><span class=\"cmsmasters_likes cmsmasters_post_likes\"><a href=\"#\" onclick=\"cmsmastersLike(15582, true); return false;\" id=\"cmsmastersLike-15582\" class=\"cmsmastersLike cmsmasters_theme_icon_like\"><span>0 likes<\/span><\/a><\/span><\/div><\/footer><\/div>\t<\/div>\r\n<\/article>\r\n<!-- Finish Post Default Article -->\r\n\r\n<\/div><div class=\"cmsmasters_wrap_more_posts cmsmasters_wrap_more_items\"><div class=\"cmsmasters_wrap_pagination\"><ul class='page-numbers'>\n\t<li><span aria-current=\"page\" class=\"page-numbers current\">1<\/span><\/li>\n\t<li><a class=\"page-numbers\" href=\"https:\/\/les-editions-de-lhetre.com\/index.php\/wp-json\/wp\/v2\/pages\/11267\/page\/2\/\">2<\/a><\/li>\n\t<li><a class=\"next page-numbers\" href=\"https:\/\/les-editions-de-lhetre.com\/index.php\/wp-json\/wp\/v2\/pages\/11267\/page\/2\/\"><span class=\"cmsmasters_theme_icon_pagination_next\"><span><\/span><\/span><\/a><\/li>\n<\/ul>\n<\/div><\/div><\/div>\n<\/div><\/div>\n<\/div>\n<\/div>\n<\/div>\n<\/div>\n<\/div>\n<div id=\"cmsmasters_row_ioxkec1kff\" class=\"cmsmasters_row cmsmasters_color_scheme_default cmsmasters_row_top_default cmsmasters_row_bot_default cmsmasters_row_boxed\">\n<div class=\"cmsmasters_row_outer_parent\">\n<div class=\"cmsmasters_row_outer\">\n<div class=\"cmsmasters_row_inner\">\n<div class=\"cmsmasters_row_margin\">\n<div id=\"cmsmasters_column_5fnplevw6b\" class=\"cmsmasters_column one_fourth\">\n<div class=\"cmsmasters_column_inner\"><div id=\"cmsmasters_heading_y417mw2o9b\" class=\"cmsmasters_heading_wrap cmsmasters_heading_align_left\">\n\t<h5 class=\"cmsmasters_heading\">Association Loi 1901<\/h5>\n<\/div>\n<\/div><\/div>\n<div id=\"cmsmasters_column_nmx0xtvn1q\" class=\"cmsmasters_column one_fourth\">\n<div class=\"cmsmasters_column_inner\"><div id=\"cmsmasters_heading_1h1vc5ypxa\" class=\"cmsmasters_heading_wrap cmsmasters_heading_align_left\">\n\t<h5 class=\"cmsmasters_heading\"><a href=\"http:\/\/@\">postmaster@les-editions-de-lhetre.com<\/a><\/h5>\n<\/div>\n<\/div><\/div>\n<div id=\"cmsmasters_column_rx041cie19\" class=\"cmsmasters_column one_fourth\">\n<div class=\"cmsmasters_column_inner\"><\/div><\/div>\n<div id=\"cmsmasters_column_6t7zpzfqg\" class=\"cmsmasters_column one_fourth\">\n<div class=\"cmsmasters_column_inner\"><div class=\"cmsmasters_image_5srb5jc61 cmsmasters_img  cmsmasters_image_n\"><img src=\"https:\/\/les-editions-de-lhetre.com\/wp-content\/uploads\/2021\/06\/logo_rectangle.png\" \/><\/div>\n<\/div><\/div>\n<\/div>\n<\/div>\n<\/div>\n<\/div>\n<\/div>\n\n","protected":false},"excerpt":{"rendered":"","protected":false},"author":1,"featured_media":0,"parent":0,"menu_order":0,"comment_status":"closed","ping_status":"closed","template":"","meta":{"_price":"","_stock":"","_tribe_ticket_header":"","_tribe_default_ticket_provider":"","_tribe_ticket_capacity":"0","_ticket_start_date":"","_ticket_end_date":"","_tribe_ticket_show_description":"","_tribe_ticket_show_not_going":false,"_tribe_ticket_use_global_stock":"","_tribe_ticket_global_stock_level":"","_global_stock_mode":"","_global_stock_cap":"","_tribe_rsvp_for_event":"","_tribe_ticket_going_count":"","_tribe_ticket_not_going_count":"","_tribe_tickets_list":[],"_tribe_ticket_has_attendee_info_fields":false},"yoast_head":"<!-- This site is optimized with the Yoast SEO plugin v20.7 - https:\/\/yoast.com\/wordpress\/plugins\/seo\/ -->\n<title>Actualit\u00e9s - les \u00e9ditions de l&#039;h\u00eatre<\/title>\n<meta name=\"robots\" content=\"index, follow, max-snippet:-1, max-image-preview:large, max-video-preview:-1\" \/>\n<link rel=\"canonical\" href=\"https:\/\/les-editions-de-lhetre.com\/index.php\/actualite\/\" \/>\n<meta property=\"og:locale\" content=\"fr_FR\" \/>\n<meta property=\"og:type\" content=\"article\" \/>\n<meta property=\"og:title\" content=\"Actualit\u00e9s - les \u00e9ditions de l&#039;h\u00eatre\" \/>\n<meta property=\"og:url\" content=\"https:\/\/les-editions-de-lhetre.com\/index.php\/actualite\/\" \/>\n<meta property=\"og:site_name\" content=\"les \u00e9ditions de l&#039;h\u00eatre\" \/>\n<meta property=\"article:modified_time\" content=\"2021-06-16T19:58:26+00:00\" \/>\n<meta name=\"twitter:card\" content=\"summary_large_image\" \/>\n<meta name=\"twitter:label1\" content=\"Dur\u00e9e de lecture estim\u00e9e\" \/>\n\t<meta name=\"twitter:data1\" content=\"1 minute\" \/>\n<script type=\"application\/ld+json\" class=\"yoast-schema-graph\">{\"@context\":\"https:\/\/schema.org\",\"@graph\":[{\"@type\":\"WebPage\",\"@id\":\"https:\/\/les-editions-de-lhetre.com\/index.php\/actualite\/\",\"url\":\"https:\/\/les-editions-de-lhetre.com\/index.php\/actualite\/\",\"name\":\"Actualit\u00e9s - les \u00e9ditions de l&#039;h\u00eatre\",\"isPartOf\":{\"@id\":\"https:\/\/les-editions-de-lhetre.com\/#website\"},\"datePublished\":\"2016-06-13T08:36:18+00:00\",\"dateModified\":\"2021-06-16T19:58:26+00:00\",\"breadcrumb\":{\"@id\":\"https:\/\/les-editions-de-lhetre.com\/index.php\/actualite\/#breadcrumb\"},\"inLanguage\":\"fr-FR\",\"potentialAction\":[{\"@type\":\"ReadAction\",\"target\":[\"https:\/\/les-editions-de-lhetre.com\/index.php\/actualite\/\"]}]},{\"@type\":\"BreadcrumbList\",\"@id\":\"https:\/\/les-editions-de-lhetre.com\/index.php\/actualite\/#breadcrumb\",\"itemListElement\":[{\"@type\":\"ListItem\",\"position\":1,\"name\":\"Home\",\"item\":\"https:\/\/les-editions-de-lhetre.com\/\"},{\"@type\":\"ListItem\",\"position\":2,\"name\":\"Actualit\u00e9s\"}]},{\"@type\":\"WebSite\",\"@id\":\"https:\/\/les-editions-de-lhetre.com\/#website\",\"url\":\"https:\/\/les-editions-de-lhetre.com\/\",\"name\":\"les \u00e9ditions de l&#039;h\u00eatre\",\"description\":\"Maison d&#039;\u00e9dition associative\",\"potentialAction\":[{\"@type\":\"SearchAction\",\"target\":{\"@type\":\"EntryPoint\",\"urlTemplate\":\"https:\/\/les-editions-de-lhetre.com\/?s={search_term_string}\"},\"query-input\":\"required name=search_term_string\"}],\"inLanguage\":\"fr-FR\"}]}<\/script>\n<!-- \/ Yoast SEO plugin. -->","yoast_head_json":{"title":"Actualit\u00e9s - les \u00e9ditions de l&#039;h\u00eatre","robots":{"index":"index","follow":"follow","max-snippet":"max-snippet:-1","max-image-preview":"max-image-preview:large","max-video-preview":"max-video-preview:-1"},"canonical":"https:\/\/les-editions-de-lhetre.com\/index.php\/actualite\/","og_locale":"fr_FR","og_type":"article","og_title":"Actualit\u00e9s - les \u00e9ditions de l&#039;h\u00eatre","og_url":"https:\/\/les-editions-de-lhetre.com\/index.php\/actualite\/","og_site_name":"les \u00e9ditions de l&#039;h\u00eatre","article_modified_time":"2021-06-16T19:58:26+00:00","twitter_card":"summary_large_image","twitter_misc":{"Dur\u00e9e de lecture estim\u00e9e":"1 minute"},"schema":{"@context":"https:\/\/schema.org","@graph":[{"@type":"WebPage","@id":"https:\/\/les-editions-de-lhetre.com\/index.php\/actualite\/","url":"https:\/\/les-editions-de-lhetre.com\/index.php\/actualite\/","name":"Actualit\u00e9s - les \u00e9ditions de l&#039;h\u00eatre","isPartOf":{"@id":"https:\/\/les-editions-de-lhetre.com\/#website"},"datePublished":"2016-06-13T08:36:18+00:00","dateModified":"2021-06-16T19:58:26+00:00","breadcrumb":{"@id":"https:\/\/les-editions-de-lhetre.com\/index.php\/actualite\/#breadcrumb"},"inLanguage":"fr-FR","potentialAction":[{"@type":"ReadAction","target":["https:\/\/les-editions-de-lhetre.com\/index.php\/actualite\/"]}]},{"@type":"BreadcrumbList","@id":"https:\/\/les-editions-de-lhetre.com\/index.php\/actualite\/#breadcrumb","itemListElement":[{"@type":"ListItem","position":1,"name":"Home","item":"https:\/\/les-editions-de-lhetre.com\/"},{"@type":"ListItem","position":2,"name":"Actualit\u00e9s"}]},{"@type":"WebSite","@id":"https:\/\/les-editions-de-lhetre.com\/#website","url":"https:\/\/les-editions-de-lhetre.com\/","name":"les \u00e9ditions de l&#039;h\u00eatre","description":"Maison d&#039;\u00e9dition associative","potentialAction":[{"@type":"SearchAction","target":{"@type":"EntryPoint","urlTemplate":"https:\/\/les-editions-de-lhetre.com\/?s={search_term_string}"},"query-input":"required name=search_term_string"}],"inLanguage":"fr-FR"}]}},"ticketed":false,"_links":{"self":[{"href":"https:\/\/les-editions-de-lhetre.com\/index.php\/wp-json\/wp\/v2\/pages\/11267"}],"collection":[{"href":"https:\/\/les-editions-de-lhetre.com\/index.php\/wp-json\/wp\/v2\/pages"}],"about":[{"href":"https:\/\/les-editions-de-lhetre.com\/index.php\/wp-json\/wp\/v2\/types\/page"}],"author":[{"embeddable":true,"href":"https:\/\/les-editions-de-lhetre.com\/index.php\/wp-json\/wp\/v2\/users\/1"}],"replies":[{"embeddable":true,"href":"https:\/\/les-editions-de-lhetre.com\/index.php\/wp-json\/wp\/v2\/comments?post=11267"}],"version-history":[{"count":8,"href":"https:\/\/les-editions-de-lhetre.com\/index.php\/wp-json\/wp\/v2\/pages\/11267\/revisions"}],"predecessor-version":[{"id":15433,"href":"https:\/\/les-editions-de-lhetre.com\/index.php\/wp-json\/wp\/v2\/pages\/11267\/revisions\/15433"}],"wp:attachment":[{"href":"https:\/\/les-editions-de-lhetre.com\/index.php\/wp-json\/wp\/v2\/media?parent=11267"}],"curies":[{"name":"wp","href":"https:\/\/api.w.org\/{rel}","templated":true}]}}