{"id":15559,"date":"2021-07-12T19:52:15","date_gmt":"2021-07-12T17:52:15","guid":{"rendered":"https:\/\/les-editions-de-lhetre.com\/?post_type=tribe_events&#038;p=15559"},"modified":"2022-01-27T14:29:10","modified_gmt":"2022-01-27T13:29:10","slug":"atelier-la-voix-du-corps","status":"publish","type":"tribe_events","link":"https:\/\/les-editions-de-lhetre.com\/index.php\/event\/atelier-la-voix-du-corps\/","title":{"rendered":"Atelier \u00ab\u00a0La Voix du Corps\u00a0\u00bb"},"content":{"rendered":"<p>Donnez voix \u00e0 votre corps gr\u00e2ce \u00e0 un atelier \u00e9criture et relaxation le 5 mars 2022 \u00e0 14H30 \u00e0 Thonon-les-Bains.<\/p>\n<p>Notre cerveau est \u00e0 la fois le moteur parfait et le frein le plus important de nos \u00e9lans.<\/p>\n<p>Sur-stimul\u00e9 par nos mod\u00e8les de soci\u00e9t\u00e9 actuels, il n\u2019est plus en action mais en r\u00e9action. Pire, il ne b\u00e9n\u00e9ficie plus de temps de pause et, constamment parasit\u00e9 par les stimuli incessants, il se coupe de notre part sensuelle, sensitive. Notre corps d\u2019un c\u00f4t\u00e9, notre cerveau de l\u2019autre.<\/p>\n<p>Les \u00c9ditions de l\u2019H\u00eatre vous proposent de r\u00e9tablir la communication entre votre corps et votre esprit gr\u00e2ce \u00e0 un atelier d\u2019une demi-journ\u00e9e m\u00ealant relaxation, m\u00e9ditation et \u00e9criture.<\/p>\n<p><strong><u>Relaxation, exploration corporelle et m\u00e9ditation avec Benjamin Brayer <\/u><\/strong><\/p>\n<p>Professeur et th\u00e9rapeute en Yoga, form\u00e9 notamment en Inde et en France, <a href=\"https:\/\/www.aikya-shala.com\" target=\"_blank\" rel=\"noopener\">Benjamin Brayer<\/a> partage la passion de l\u2019\u00eatre si ch\u00e8re \u00e0 notre Association. Transmettre, aider, permettre au plus grand nombre d\u2019acc\u00e9der aux mille vertus du Yoga et de la pleine conscience, Benjamin vous guidera dans cet atelier vers la conscience de vos sens, de votre corps et une profonde relaxation.<\/p>\n<p><strong><u>\u00c9criture des sens avec Audrey Debuysscher<\/u><\/strong><\/p>\n<p>De son c\u00f4t\u00e9, Audrey Debuysscher, \u00e9crivaine, po\u00e9tesse et r\u00e9dactrice, vous proposera de mettre en mots les sensations de votre corps pour l\u00e2cher le mental. L\u2019\u00e9crit passe aussi par le physique, la main en mouvement entra\u00eene toute une partie du corps, en prendre conscience et \u00e9crire en conscience permet une \u00e9criture intuitive, plus cr\u00e9ative, sans auto-jugement.<\/p>\n<p>S\u2019appuyant l\u2019un sur l\u2019autre dans une alternance d\u2019exercices tout au long de la demi-journ\u00e9e, Benjamin et Audrey vous permettront de renouer avec vos sens, d\u2019\u00e9couter ce que vous souffle votre corps lorsqu\u2019il communique \u00e0 nouveau librement et sans parasites avec votre esprit.<\/p>\n<p>Tarif\u00a0: 60 \u20ac<\/p>\n<p>Tarif adh\u00e9rent\u00a0: 55 \u20ac<\/p>\n<p>R\u00e9servations\u00a0: directement sur notre site (<a href=\"https:\/\/les-editions-de-lhetre.com\/index.php\/boutique-editions-de-lhetre\/\">page boutique<\/a>), par mail \u00e0 <a href=\"mailto:postmaster@les-editions-de-lhetre.com\">postmaster@les-editions-de-lhetre.com<\/a> ou par t\u00e9l\u00e9phone au 06.81.16.82.55<\/p>\n<p>&nbsp;<\/p>\n","protected":false},"excerpt":{"rendered":"<p>Donnez voix \u00e0 votre corps gr\u00e2ce \u00e0 un atelier \u00e9criture et relaxation le 5 mars 2022 \u00e0 14H30 \u00e0 Thonon-les-Bains. Notre cerveau est \u00e0 la fois le moteur parfait et le frein le plus important de nos \u00e9lans. Sur-stimul\u00e9 par nos mod\u00e8les de soci\u00e9t\u00e9 actuels, il n\u2019est plus en action mais en r\u00e9action. Pire, il&#8230;<\/p>\n","protected":false},"author":1,"featured_media":15560,"comment_status":"open","ping_status":"closed","template":"","meta":{"_price":"","_stock":"","_tribe_ticket_header":"","_tribe_default_ticket_provider":"","_tribe_ticket_capacity":"0","_ticket_start_date":"","_ticket_end_date":"","_tribe_ticket_show_description":"","_tribe_ticket_show_not_going":false,"_tribe_ticket_use_global_stock":"","_tribe_ticket_global_stock_level":"","_global_stock_mode":"","_global_stock_cap":"","_tribe_rsvp_for_event":"","_tribe_ticket_going_count":"","_tribe_ticket_not_going_count":"","_tribe_tickets_list":[],"_tribe_ticket_has_attendee_info_fields":false},"tags":[],"tribe_events_cat":[131],"yoast_head":"<!-- This site is optimized with the Yoast SEO plugin v20.7 - https:\/\/yoast.com\/wordpress\/plugins\/seo\/ -->\n<title>Atelier &quot;La Voix du Corps&quot; - les \u00e9ditions de l&#039;h\u00eatre<\/title>\n<meta name=\"description\" content=\"Donnez voix \u00e0 votre corps gr\u00e2ce \u00e0 un atelier \u00e9criture et relaxation le 5 mars 2022 \u00e0 14H30 \u00e0 Thonon-les-Bains\" \/>\n<meta name=\"robots\" content=\"index, follow, max-snippet:-1, max-image-preview:large, max-video-preview:-1\" \/>\n<link rel=\"canonical\" href=\"https:\/\/les-editions-de-lhetre.com\/index.php\/event\/atelier-la-voix-du-corps\/\" \/>\n<meta property=\"og:locale\" content=\"fr_FR\" \/>\n<meta property=\"og:type\" content=\"article\" \/>\n<meta property=\"og:title\" content=\"Atelier &quot;La Voix du Corps&quot; - les \u00e9ditions de l&#039;h\u00eatre\" \/>\n<meta property=\"og:description\" content=\"Donnez voix \u00e0 votre corps gr\u00e2ce \u00e0 un atelier \u00e9criture et relaxation le 5 mars 2022 \u00e0 14H30 \u00e0 Thonon-les-Bains\" \/>\n<meta property=\"og:url\" content=\"https:\/\/les-editions-de-lhetre.com\/index.php\/event\/atelier-la-voix-du-corps\/\" \/>\n<meta property=\"og:site_name\" content=\"les \u00e9ditions de l&#039;h\u00eatre\" \/>\n<meta property=\"article:modified_time\" content=\"2022-01-27T13:29:10+00:00\" \/>\n<meta property=\"og:image\" content=\"https:\/\/les-editions-de-lhetre.com\/wp-content\/uploads\/2021\/07\/stage_la_voix_du_corps.png\" \/>\n\t<meta property=\"og:image:width\" content=\"800\" \/>\n\t<meta property=\"og:image:height\" content=\"293\" \/>\n\t<meta property=\"og:image:type\" content=\"image\/png\" \/>\n<meta name=\"twitter:card\" content=\"summary_large_image\" \/>\n<meta name=\"twitter:label1\" content=\"Dur\u00e9e de lecture estim\u00e9e\" \/>\n\t<meta name=\"twitter:data1\" content=\"2 minutes\" \/>\n<script type=\"application\/ld+json\" class=\"yoast-schema-graph\">{\"@context\":\"https:\/\/schema.org\",\"@graph\":[{\"@type\":\"WebPage\",\"@id\":\"https:\/\/les-editions-de-lhetre.com\/index.php\/event\/atelier-la-voix-du-corps\/\",\"url\":\"https:\/\/les-editions-de-lhetre.com\/index.php\/event\/atelier-la-voix-du-corps\/\",\"name\":\"Atelier \\\"La Voix du Corps\\\" - les \u00e9ditions de l&#039;h\u00eatre\",\"isPartOf\":{\"@id\":\"https:\/\/les-editions-de-lhetre.com\/#website\"},\"datePublished\":\"2021-07-12T17:52:15+00:00\",\"dateModified\":\"2022-01-27T13:29:10+00:00\",\"description\":\"Donnez voix \u00e0 votre corps gr\u00e2ce \u00e0 un atelier \u00e9criture et relaxation le 5 mars 2022 \u00e0 14H30 \u00e0 Thonon-les-Bains\",\"breadcrumb\":{\"@id\":\"https:\/\/les-editions-de-lhetre.com\/index.php\/event\/atelier-la-voix-du-corps\/#breadcrumb\"},\"inLanguage\":\"fr-FR\",\"potentialAction\":[{\"@type\":\"ReadAction\",\"target\":[\"https:\/\/les-editions-de-lhetre.com\/index.php\/event\/atelier-la-voix-du-corps\/\"]}]},{\"@type\":\"BreadcrumbList\",\"@id\":\"https:\/\/les-editions-de-lhetre.com\/index.php\/event\/atelier-la-voix-du-corps\/#breadcrumb\",\"itemListElement\":[{\"@type\":\"ListItem\",\"position\":1,\"name\":\"Home\",\"item\":\"https:\/\/les-editions-de-lhetre.com\/\"},{\"@type\":\"ListItem\",\"position\":2,\"name\":\"\u00c9v\u00e8nements\",\"item\":\"https:\/\/les-editions-de-lhetre.com\/index.php\/events\/\"},{\"@type\":\"ListItem\",\"position\":3,\"name\":\"Atelier \u00ab\u00a0La Voix du Corps\u00a0\u00bb\"}]},{\"@type\":\"WebSite\",\"@id\":\"https:\/\/les-editions-de-lhetre.com\/#website\",\"url\":\"https:\/\/les-editions-de-lhetre.com\/\",\"name\":\"les \u00e9ditions de l&#039;h\u00eatre\",\"description\":\"Maison d&#039;\u00e9dition associative\",\"potentialAction\":[{\"@type\":\"SearchAction\",\"target\":{\"@type\":\"EntryPoint\",\"urlTemplate\":\"https:\/\/les-editions-de-lhetre.com\/?s={search_term_string}\"},\"query-input\":\"required name=search_term_string\"}],\"inLanguage\":\"fr-FR\"}]}<\/script>\n<!-- \/ Yoast SEO plugin. -->","yoast_head_json":{"title":"Atelier \"La Voix du Corps\" - les \u00e9ditions de l&#039;h\u00eatre","description":"Donnez voix \u00e0 votre corps gr\u00e2ce \u00e0 un atelier \u00e9criture et relaxation le 5 mars 2022 \u00e0 14H30 \u00e0 Thonon-les-Bains","robots":{"index":"index","follow":"follow","max-snippet":"max-snippet:-1","max-image-preview":"max-image-preview:large","max-video-preview":"max-video-preview:-1"},"canonical":"https:\/\/les-editions-de-lhetre.com\/index.php\/event\/atelier-la-voix-du-corps\/","og_locale":"fr_FR","og_type":"article","og_title":"Atelier \"La Voix du Corps\" - les \u00e9ditions de l&#039;h\u00eatre","og_description":"Donnez voix \u00e0 votre corps gr\u00e2ce \u00e0 un atelier \u00e9criture et relaxation le 5 mars 2022 \u00e0 14H30 \u00e0 Thonon-les-Bains","og_url":"https:\/\/les-editions-de-lhetre.com\/index.php\/event\/atelier-la-voix-du-corps\/","og_site_name":"les \u00e9ditions de l&#039;h\u00eatre","article_modified_time":"2022-01-27T13:29:10+00:00","og_image":[{"width":800,"height":293,"url":"https:\/\/les-editions-de-lhetre.com\/wp-content\/uploads\/2021\/07\/stage_la_voix_du_corps.png","type":"image\/png"}],"twitter_card":"summary_large_image","twitter_misc":{"Dur\u00e9e de lecture estim\u00e9e":"2 minutes"},"schema":{"@context":"https:\/\/schema.org","@graph":[{"@type":"WebPage","@id":"https:\/\/les-editions-de-lhetre.com\/index.php\/event\/atelier-la-voix-du-corps\/","url":"https:\/\/les-editions-de-lhetre.com\/index.php\/event\/atelier-la-voix-du-corps\/","name":"Atelier \"La Voix du Corps\" - les \u00e9ditions de l&#039;h\u00eatre","isPartOf":{"@id":"https:\/\/les-editions-de-lhetre.com\/#website"},"datePublished":"2021-07-12T17:52:15+00:00","dateModified":"2022-01-27T13:29:10+00:00","description":"Donnez voix \u00e0 votre corps gr\u00e2ce \u00e0 un atelier \u00e9criture et relaxation le 5 mars 2022 \u00e0 14H30 \u00e0 Thonon-les-Bains","breadcrumb":{"@id":"https:\/\/les-editions-de-lhetre.com\/index.php\/event\/atelier-la-voix-du-corps\/#breadcrumb"},"inLanguage":"fr-FR","potentialAction":[{"@type":"ReadAction","target":["https:\/\/les-editions-de-lhetre.com\/index.php\/event\/atelier-la-voix-du-corps\/"]}]},{"@type":"BreadcrumbList","@id":"https:\/\/les-editions-de-lhetre.com\/index.php\/event\/atelier-la-voix-du-corps\/#breadcrumb","itemListElement":[{"@type":"ListItem","position":1,"name":"Home","item":"https:\/\/les-editions-de-lhetre.com\/"},{"@type":"ListItem","position":2,"name":"\u00c9v\u00e8nements","item":"https:\/\/les-editions-de-lhetre.com\/index.php\/events\/"},{"@type":"ListItem","position":3,"name":"Atelier \u00ab\u00a0La Voix du Corps\u00a0\u00bb"}]},{"@type":"WebSite","@id":"https:\/\/les-editions-de-lhetre.com\/#website","url":"https:\/\/les-editions-de-lhetre.com\/","name":"les \u00e9ditions de l&#039;h\u00eatre","description":"Maison d&#039;\u00e9dition associative","potentialAction":[{"@type":"SearchAction","target":{"@type":"EntryPoint","urlTemplate":"https:\/\/les-editions-de-lhetre.com\/?s={search_term_string}"},"query-input":"required name=search_term_string"}],"inLanguage":"fr-FR"}]}},"ticketed":false,"_links":{"self":[{"href":"https:\/\/les-editions-de-lhetre.com\/index.php\/wp-json\/wp\/v2\/tribe_events\/15559"}],"collection":[{"href":"https:\/\/les-editions-de-lhetre.com\/index.php\/wp-json\/wp\/v2\/tribe_events"}],"about":[{"href":"https:\/\/les-editions-de-lhetre.com\/index.php\/wp-json\/wp\/v2\/types\/tribe_events"}],"author":[{"embeddable":true,"href":"https:\/\/les-editions-de-lhetre.com\/index.php\/wp-json\/wp\/v2\/users\/1"}],"replies":[{"embeddable":true,"href":"https:\/\/les-editions-de-lhetre.com\/index.php\/wp-json\/wp\/v2\/comments?post=15559"}],"version-history":[{"count":9,"href":"https:\/\/les-editions-de-lhetre.com\/index.php\/wp-json\/wp\/v2\/tribe_events\/15559\/revisions"}],"predecessor-version":[{"id":15620,"href":"https:\/\/les-editions-de-lhetre.com\/index.php\/wp-json\/wp\/v2\/tribe_events\/15559\/revisions\/15620"}],"wp:featuredmedia":[{"embeddable":true,"href":"https:\/\/les-editions-de-lhetre.com\/index.php\/wp-json\/wp\/v2\/media\/15560"}],"wp:attachment":[{"href":"https:\/\/les-editions-de-lhetre.com\/index.php\/wp-json\/wp\/v2\/media?parent=15559"}],"wp:term":[{"taxonomy":"post_tag","embeddable":true,"href":"https:\/\/les-editions-de-lhetre.com\/index.php\/wp-json\/wp\/v2\/tags?post=15559"},{"taxonomy":"tribe_events_cat","embeddable":true,"href":"https:\/\/les-editions-de-lhetre.com\/index.php\/wp-json\/wp\/v2\/tribe_events_cat?post=15559"}],"curies":[{"name":"wp","href":"https:\/\/api.w.org\/{rel}","templated":true}]}}