{"id":15614,"date":"2022-01-25T18:01:30","date_gmt":"2022-01-25T17:01:30","guid":{"rendered":"https:\/\/les-editions-de-lhetre.com\/?post_type=tribe_events&#038;p=15614"},"modified":"2022-01-25T18:01:30","modified_gmt":"2022-01-25T17:01:30","slug":"lhetre-invite","status":"publish","type":"tribe_events","link":"https:\/\/les-editions-de-lhetre.com\/index.php\/event\/lhetre-invite\/","title":{"rendered":"L'(H)\u00eatre Invit\u00e9"},"content":{"rendered":"<p>Les \u00c9ditions de l&rsquo;H\u00eatre invitent les Mille-Feuilles \u00e0 Bons-en-Chablais pour une soir\u00e9e exceptionnelle en pr\u00e9sence de Christophe Si\u00e9bert, romancier, laur\u00e9at du Prix Sade et auteur de Feminicid, du cycle Chronique de Mertvecgorod aux \u00e9ditions Au Diable Vauvert.<\/p>\n<p>La rencontre avec l\u2019auteur \u00e0 partir de 19H00, anim\u00e9e conjointement par Fr\u00e9d\u00e9ric Fredj (fondateur des d\u00eeners Mille-Feuilles \u00e0 Paris) et Audrey Debuysscher, sera suivie d\u2019un repas au cours duquel aura lieu un \u00e9change informel, le tout indissociable. <\/p>\n<p>Tarif : 35 \u20ac (boissons non incluses)<br \/>\nR\u00e9servations indispensables : 06.81.16.82.55 ou postmaster@les-editions-de-lhetre.com <\/p>\n<p>Plus d&rsquo;info en cliquant <a href=\"https:\/\/les-editions-de-lhetre.com\/index.php\/2022\/01\/25\/diner-litteraire-evenement-christophe-siebert\/\" rel=\"noopener\" target=\"_blank\">ici<\/a> <\/p>\n","protected":false},"excerpt":{"rendered":"<p>Les \u00c9ditions de l&rsquo;H\u00eatre invitent les Mille-Feuilles \u00e0 Bons-en-Chablais pour une soir\u00e9e exceptionnelle en pr\u00e9sence de Christophe Si\u00e9bert, romancier, laur\u00e9at du Prix Sade et auteur de Feminicid, du cycle Chronique de Mertvecgorod aux \u00e9ditions Au Diable Vauvert. La rencontre avec l\u2019auteur \u00e0 partir de 19H00, anim\u00e9e conjointement par Fr\u00e9d\u00e9ric Fredj (fondateur des d\u00eeners Mille-Feuilles \u00e0&#8230;<\/p>\n","protected":false},"author":1,"featured_media":15611,"comment_status":"open","ping_status":"closed","template":"","meta":{"_price":"","_stock":"","_tribe_ticket_header":"","_tribe_default_ticket_provider":"","_tribe_ticket_capacity":"0","_ticket_start_date":"","_ticket_end_date":"","_tribe_ticket_show_description":"","_tribe_ticket_show_not_going":false,"_tribe_ticket_use_global_stock":"","_tribe_ticket_global_stock_level":"","_global_stock_mode":"","_global_stock_cap":"","_tribe_rsvp_for_event":"","_tribe_ticket_going_count":"","_tribe_ticket_not_going_count":"","_tribe_tickets_list":[],"_tribe_ticket_has_attendee_info_fields":false},"tags":[154,153,152,155,156],"tribe_events_cat":[157],"yoast_head":"<!-- This site is optimized with the Yoast SEO plugin v20.7 - https:\/\/yoast.com\/wordpress\/plugins\/seo\/ -->\n<title>L&#039;(H)\u00eatre Invit\u00e9 - les \u00e9ditions de l&#039;h\u00eatre<\/title>\n<meta name=\"description\" content=\"L&#039;(H)\u00eatre invit\u00e9, un d\u00eener litt\u00e9raire \u00e9v\u00e9nement en collaboration avec les Mille-Feuilles avec Christophe Si\u00e9bert, romancier\" \/>\n<meta name=\"robots\" content=\"index, follow, max-snippet:-1, max-image-preview:large, max-video-preview:-1\" \/>\n<link rel=\"canonical\" href=\"https:\/\/les-editions-de-lhetre.com\/index.php\/event\/lhetre-invite\/\" \/>\n<meta property=\"og:locale\" content=\"fr_FR\" \/>\n<meta property=\"og:type\" content=\"article\" \/>\n<meta property=\"og:title\" content=\"L&#039;(H)\u00eatre Invit\u00e9 - les \u00e9ditions de l&#039;h\u00eatre\" \/>\n<meta property=\"og:description\" content=\"L&#039;(H)\u00eatre invit\u00e9, un d\u00eener litt\u00e9raire \u00e9v\u00e9nement en collaboration avec les Mille-Feuilles avec Christophe Si\u00e9bert, romancier\" \/>\n<meta property=\"og:url\" content=\"https:\/\/les-editions-de-lhetre.com\/index.php\/event\/lhetre-invite\/\" \/>\n<meta property=\"og:site_name\" content=\"les \u00e9ditions de l&#039;h\u00eatre\" \/>\n<meta property=\"og:image\" content=\"https:\/\/les-editions-de-lhetre.com\/wp-content\/uploads\/2022\/01\/img_siebert_fly.png\" \/>\n\t<meta property=\"og:image:width\" content=\"1080\" \/>\n\t<meta property=\"og:image:height\" content=\"1080\" \/>\n\t<meta property=\"og:image:type\" content=\"image\/png\" \/>\n<meta name=\"twitter:card\" content=\"summary_large_image\" \/>\n<script type=\"application\/ld+json\" class=\"yoast-schema-graph\">{\"@context\":\"https:\/\/schema.org\",\"@graph\":[{\"@type\":\"WebPage\",\"@id\":\"https:\/\/les-editions-de-lhetre.com\/index.php\/event\/lhetre-invite\/\",\"url\":\"https:\/\/les-editions-de-lhetre.com\/index.php\/event\/lhetre-invite\/\",\"name\":\"L'(H)\u00eatre Invit\u00e9 - les \u00e9ditions de l&#039;h\u00eatre\",\"isPartOf\":{\"@id\":\"https:\/\/les-editions-de-lhetre.com\/#website\"},\"datePublished\":\"2022-01-25T17:01:30+00:00\",\"dateModified\":\"2022-01-25T17:01:30+00:00\",\"description\":\"L'(H)\u00eatre invit\u00e9, un d\u00eener litt\u00e9raire \u00e9v\u00e9nement en collaboration avec les Mille-Feuilles avec Christophe Si\u00e9bert, romancier\",\"breadcrumb\":{\"@id\":\"https:\/\/les-editions-de-lhetre.com\/index.php\/event\/lhetre-invite\/#breadcrumb\"},\"inLanguage\":\"fr-FR\",\"potentialAction\":[{\"@type\":\"ReadAction\",\"target\":[\"https:\/\/les-editions-de-lhetre.com\/index.php\/event\/lhetre-invite\/\"]}]},{\"@type\":\"BreadcrumbList\",\"@id\":\"https:\/\/les-editions-de-lhetre.com\/index.php\/event\/lhetre-invite\/#breadcrumb\",\"itemListElement\":[{\"@type\":\"ListItem\",\"position\":1,\"name\":\"Home\",\"item\":\"https:\/\/les-editions-de-lhetre.com\/\"},{\"@type\":\"ListItem\",\"position\":2,\"name\":\"\u00c9v\u00e8nements\",\"item\":\"https:\/\/les-editions-de-lhetre.com\/index.php\/events\/\"},{\"@type\":\"ListItem\",\"position\":3,\"name\":\"L'(H)\u00eatre Invit\u00e9\"}]},{\"@type\":\"WebSite\",\"@id\":\"https:\/\/les-editions-de-lhetre.com\/#website\",\"url\":\"https:\/\/les-editions-de-lhetre.com\/\",\"name\":\"les \u00e9ditions de l&#039;h\u00eatre\",\"description\":\"Maison d&#039;\u00e9dition associative\",\"potentialAction\":[{\"@type\":\"SearchAction\",\"target\":{\"@type\":\"EntryPoint\",\"urlTemplate\":\"https:\/\/les-editions-de-lhetre.com\/?s={search_term_string}\"},\"query-input\":\"required name=search_term_string\"}],\"inLanguage\":\"fr-FR\"}]}<\/script>\n<!-- \/ Yoast SEO plugin. -->","yoast_head_json":{"title":"L'(H)\u00eatre Invit\u00e9 - les \u00e9ditions de l&#039;h\u00eatre","description":"L'(H)\u00eatre invit\u00e9, un d\u00eener litt\u00e9raire \u00e9v\u00e9nement en collaboration avec les Mille-Feuilles avec Christophe Si\u00e9bert, romancier","robots":{"index":"index","follow":"follow","max-snippet":"max-snippet:-1","max-image-preview":"max-image-preview:large","max-video-preview":"max-video-preview:-1"},"canonical":"https:\/\/les-editions-de-lhetre.com\/index.php\/event\/lhetre-invite\/","og_locale":"fr_FR","og_type":"article","og_title":"L'(H)\u00eatre Invit\u00e9 - les \u00e9ditions de l&#039;h\u00eatre","og_description":"L'(H)\u00eatre invit\u00e9, un d\u00eener litt\u00e9raire \u00e9v\u00e9nement en collaboration avec les Mille-Feuilles avec Christophe Si\u00e9bert, romancier","og_url":"https:\/\/les-editions-de-lhetre.com\/index.php\/event\/lhetre-invite\/","og_site_name":"les \u00e9ditions de l&#039;h\u00eatre","og_image":[{"width":1080,"height":1080,"url":"https:\/\/les-editions-de-lhetre.com\/wp-content\/uploads\/2022\/01\/img_siebert_fly.png","type":"image\/png"}],"twitter_card":"summary_large_image","schema":{"@context":"https:\/\/schema.org","@graph":[{"@type":"WebPage","@id":"https:\/\/les-editions-de-lhetre.com\/index.php\/event\/lhetre-invite\/","url":"https:\/\/les-editions-de-lhetre.com\/index.php\/event\/lhetre-invite\/","name":"L'(H)\u00eatre Invit\u00e9 - les \u00e9ditions de l&#039;h\u00eatre","isPartOf":{"@id":"https:\/\/les-editions-de-lhetre.com\/#website"},"datePublished":"2022-01-25T17:01:30+00:00","dateModified":"2022-01-25T17:01:30+00:00","description":"L'(H)\u00eatre invit\u00e9, un d\u00eener litt\u00e9raire \u00e9v\u00e9nement en collaboration avec les Mille-Feuilles avec Christophe Si\u00e9bert, romancier","breadcrumb":{"@id":"https:\/\/les-editions-de-lhetre.com\/index.php\/event\/lhetre-invite\/#breadcrumb"},"inLanguage":"fr-FR","potentialAction":[{"@type":"ReadAction","target":["https:\/\/les-editions-de-lhetre.com\/index.php\/event\/lhetre-invite\/"]}]},{"@type":"BreadcrumbList","@id":"https:\/\/les-editions-de-lhetre.com\/index.php\/event\/lhetre-invite\/#breadcrumb","itemListElement":[{"@type":"ListItem","position":1,"name":"Home","item":"https:\/\/les-editions-de-lhetre.com\/"},{"@type":"ListItem","position":2,"name":"\u00c9v\u00e8nements","item":"https:\/\/les-editions-de-lhetre.com\/index.php\/events\/"},{"@type":"ListItem","position":3,"name":"L'(H)\u00eatre Invit\u00e9"}]},{"@type":"WebSite","@id":"https:\/\/les-editions-de-lhetre.com\/#website","url":"https:\/\/les-editions-de-lhetre.com\/","name":"les \u00e9ditions de l&#039;h\u00eatre","description":"Maison d&#039;\u00e9dition associative","potentialAction":[{"@type":"SearchAction","target":{"@type":"EntryPoint","urlTemplate":"https:\/\/les-editions-de-lhetre.com\/?s={search_term_string}"},"query-input":"required name=search_term_string"}],"inLanguage":"fr-FR"}]}},"ticketed":false,"_links":{"self":[{"href":"https:\/\/les-editions-de-lhetre.com\/index.php\/wp-json\/wp\/v2\/tribe_events\/15614"}],"collection":[{"href":"https:\/\/les-editions-de-lhetre.com\/index.php\/wp-json\/wp\/v2\/tribe_events"}],"about":[{"href":"https:\/\/les-editions-de-lhetre.com\/index.php\/wp-json\/wp\/v2\/types\/tribe_events"}],"author":[{"embeddable":true,"href":"https:\/\/les-editions-de-lhetre.com\/index.php\/wp-json\/wp\/v2\/users\/1"}],"replies":[{"embeddable":true,"href":"https:\/\/les-editions-de-lhetre.com\/index.php\/wp-json\/wp\/v2\/comments?post=15614"}],"version-history":[{"count":1,"href":"https:\/\/les-editions-de-lhetre.com\/index.php\/wp-json\/wp\/v2\/tribe_events\/15614\/revisions"}],"predecessor-version":[{"id":15617,"href":"https:\/\/les-editions-de-lhetre.com\/index.php\/wp-json\/wp\/v2\/tribe_events\/15614\/revisions\/15617"}],"wp:featuredmedia":[{"embeddable":true,"href":"https:\/\/les-editions-de-lhetre.com\/index.php\/wp-json\/wp\/v2\/media\/15611"}],"wp:attachment":[{"href":"https:\/\/les-editions-de-lhetre.com\/index.php\/wp-json\/wp\/v2\/media?parent=15614"}],"wp:term":[{"taxonomy":"post_tag","embeddable":true,"href":"https:\/\/les-editions-de-lhetre.com\/index.php\/wp-json\/wp\/v2\/tags?post=15614"},{"taxonomy":"tribe_events_cat","embeddable":true,"href":"https:\/\/les-editions-de-lhetre.com\/index.php\/wp-json\/wp\/v2\/tribe_events_cat?post=15614"}],"curies":[{"name":"wp","href":"https:\/\/api.w.org\/{rel}","templated":true}]}}